{"id":840,"date":"2020-06-28T22:08:46","date_gmt":"2020-06-28T22:08:46","guid":{"rendered":"https:\/\/www.tellfilm.ch\/?page_id=840"},"modified":"2026-04-22T17:45:16","modified_gmt":"2026-04-22T17:45:16","slug":"stefan-jaeger","status":"publish","type":"page","link":"https:\/\/www.tellfilm.ch\/en\/ueber\/stefan-jaeger\/","title":{"rendered":"Stefan J\u00e4ger"},"content":{"rendered":"\t\t<div data-elementor-type=\"wp-page\" data-elementor-id=\"840\" class=\"elementor elementor-840\" data-elementor-post-type=\"page\">\n\t\t\t\t\t\t<section data-particle_enable=\"false\" data-particle-mobile-disabled=\"false\" class=\"elementor-section elementor-top-section elementor-element elementor-element-2251778 elementor-section-boxed elementor-section-height-default elementor-section-height-default\" data-id=\"2251778\" data-element_type=\"section\" data-e-type=\"section\" data-settings=\"{&quot;jet_parallax_layout_list&quot;:[{&quot;jet_parallax_layout_image&quot;:{&quot;url&quot;:&quot;&quot;,&quot;id&quot;:&quot;&quot;,&quot;size&quot;:&quot;&quot;},&quot;_id&quot;:&quot;431820a&quot;,&quot;jet_parallax_layout_image_tablet&quot;:{&quot;url&quot;:&quot;&quot;,&quot;id&quot;:&quot;&quot;,&quot;size&quot;:&quot;&quot;},&quot;jet_parallax_layout_image_mobile&quot;:{&quot;url&quot;:&quot;&quot;,&quot;id&quot;:&quot;&quot;,&quot;size&quot;:&quot;&quot;},&quot;jet_parallax_layout_speed&quot;:{&quot;unit&quot;:&quot;%&quot;,&quot;size&quot;:50,&quot;sizes&quot;:[]},&quot;jet_parallax_layout_type&quot;:&quot;scroll&quot;,&quot;jet_parallax_layout_direction&quot;:&quot;1&quot;,&quot;jet_parallax_layout_fx_direction&quot;:null,&quot;jet_parallax_layout_z_index&quot;:&quot;&quot;,&quot;jet_parallax_layout_bg_x&quot;:50,&quot;jet_parallax_layout_bg_x_tablet&quot;:&quot;&quot;,&quot;jet_parallax_layout_bg_x_mobile&quot;:&quot;&quot;,&quot;jet_parallax_layout_bg_y&quot;:50,&quot;jet_parallax_layout_bg_y_tablet&quot;:&quot;&quot;,&quot;jet_parallax_layout_bg_y_mobile&quot;:&quot;&quot;,&quot;jet_parallax_layout_bg_size&quot;:&quot;auto&quot;,&quot;jet_parallax_layout_bg_size_tablet&quot;:&quot;&quot;,&quot;jet_parallax_layout_bg_size_mobile&quot;:&quot;&quot;,&quot;jet_parallax_layout_animation_prop&quot;:&quot;transform&quot;,&quot;jet_parallax_layout_on&quot;:[&quot;desktop&quot;,&quot;tablet&quot;]}]}\">\n\t\t\t\t\t\t<div class=\"elementor-container elementor-column-gap-default\">\n\t\t\t\t\t<div class=\"elementor-column elementor-col-100 elementor-top-column elementor-element elementor-element-1b57d4f\" data-id=\"1b57d4f\" data-element_type=\"column\" data-e-type=\"column\">\n\t\t\t<div class=\"elementor-widget-wrap elementor-element-populated\">\n\t\t\t\t\t\t<div class=\"elementor-element elementor-element-5a0d037 elementor-widget elementor-widget-spacer\" data-id=\"5a0d037\" data-element_type=\"widget\" data-e-type=\"widget\" data-widget_type=\"spacer.default\">\n\t\t\t\t<div class=\"elementor-widget-container\">\n\t\t\t\t\t\t\t<div class=\"elementor-spacer\">\n\t\t\t<div class=\"elementor-spacer-inner\"><\/div>\n\t\t<\/div>\n\t\t\t\t\t\t<\/div>\n\t\t\t\t<\/div>\n\t\t\t\t<div class=\"elementor-element elementor-element-3f38e35 elementor-widget elementor-widget-heading\" data-id=\"3f38e35\" data-element_type=\"widget\" data-e-type=\"widget\" data-widget_type=\"heading.default\">\n\t\t\t\t<div class=\"elementor-widget-container\">\n\t\t\t\t\t<h2 class=\"elementor-heading-title elementor-size-default\">Stefan J\u00e4ger<\/h2>\t\t\t\t<\/div>\n\t\t\t\t<\/div>\n\t\t\t\t<div class=\"elementor-element elementor-element-81a4a55 elementor-widget elementor-widget-heading\" data-id=\"81a4a55\" data-element_type=\"widget\" data-e-type=\"widget\" data-widget_type=\"heading.default\">\n\t\t\t\t<div class=\"elementor-widget-container\">\n\t\t\t\t\t<h3 class=\"elementor-heading-title elementor-size-default\">Regisseur, Produzent<\/h3>\t\t\t\t<\/div>\n\t\t\t\t<\/div>\n\t\t\t\t<section data-particle_enable=\"false\" data-particle-mobile-disabled=\"false\" class=\"elementor-section elementor-inner-section elementor-element elementor-element-8c384a0 elementor-section-boxed elementor-section-height-default elementor-section-height-default\" data-id=\"8c384a0\" data-element_type=\"section\" data-e-type=\"section\" data-settings=\"{&quot;jet_parallax_layout_list&quot;:[{&quot;jet_parallax_layout_image&quot;:{&quot;url&quot;:&quot;&quot;,&quot;id&quot;:&quot;&quot;,&quot;size&quot;:&quot;&quot;},&quot;_id&quot;:&quot;a7ad783&quot;,&quot;jet_parallax_layout_image_tablet&quot;:{&quot;url&quot;:&quot;&quot;,&quot;id&quot;:&quot;&quot;,&quot;size&quot;:&quot;&quot;},&quot;jet_parallax_layout_image_mobile&quot;:{&quot;url&quot;:&quot;&quot;,&quot;id&quot;:&quot;&quot;,&quot;size&quot;:&quot;&quot;},&quot;jet_parallax_layout_speed&quot;:{&quot;unit&quot;:&quot;%&quot;,&quot;size&quot;:50,&quot;sizes&quot;:[]},&quot;jet_parallax_layout_type&quot;:&quot;scroll&quot;,&quot;jet_parallax_layout_direction&quot;:&quot;1&quot;,&quot;jet_parallax_layout_fx_direction&quot;:null,&quot;jet_parallax_layout_z_index&quot;:&quot;&quot;,&quot;jet_parallax_layout_bg_x&quot;:50,&quot;jet_parallax_layout_bg_x_tablet&quot;:&quot;&quot;,&quot;jet_parallax_layout_bg_x_mobile&quot;:&quot;&quot;,&quot;jet_parallax_layout_bg_y&quot;:50,&quot;jet_parallax_layout_bg_y_tablet&quot;:&quot;&quot;,&quot;jet_parallax_layout_bg_y_mobile&quot;:&quot;&quot;,&quot;jet_parallax_layout_bg_size&quot;:&quot;auto&quot;,&quot;jet_parallax_layout_bg_size_tablet&quot;:&quot;&quot;,&quot;jet_parallax_layout_bg_size_mobile&quot;:&quot;&quot;,&quot;jet_parallax_layout_animation_prop&quot;:&quot;transform&quot;,&quot;jet_parallax_layout_on&quot;:[&quot;desktop&quot;,&quot;tablet&quot;]}]}\">\n\t\t\t\t\t\t<div class=\"elementor-container elementor-column-gap-default\">\n\t\t\t\t\t<div class=\"elementor-column elementor-col-50 elementor-inner-column elementor-element elementor-element-a48a7f1\" data-id=\"a48a7f1\" data-element_type=\"column\" data-e-type=\"column\">\n\t\t\t<div class=\"elementor-widget-wrap elementor-element-populated\">\n\t\t\t\t\t\t<div class=\"elementor-element elementor-element-32ecc0a elementor-widget elementor-widget-image\" data-id=\"32ecc0a\" data-element_type=\"widget\" data-e-type=\"widget\" data-widget_type=\"image.default\">\n\t\t\t\t<div class=\"elementor-widget-container\">\n\t\t\t\t\t\t\t\t\t\t\t\t\t\t\t<img fetchpriority=\"high\" decoding=\"async\" width=\"800\" height=\"800\" src=\"https:\/\/www.tellfilm.ch\/wp-content\/uploads\/2020\/06\/download-1-1.jpg\" class=\"attachment-large size-large wp-image-836\" alt=\"\" srcset=\"https:\/\/www.tellfilm.ch\/wp-content\/uploads\/2020\/06\/download-1-1.jpg 1014w, https:\/\/www.tellfilm.ch\/wp-content\/uploads\/2020\/06\/download-1-1-300x300.jpg 300w, https:\/\/www.tellfilm.ch\/wp-content\/uploads\/2020\/06\/download-1-1-150x150.jpg 150w, https:\/\/www.tellfilm.ch\/wp-content\/uploads\/2020\/06\/download-1-1-768x768.jpg 768w\" sizes=\"(max-width: 800px) 100vw, 800px\" \/>\t\t\t\t\t\t\t\t\t\t\t\t\t\t\t<\/div>\n\t\t\t\t<\/div>\n\t\t\t\t\t<\/div>\n\t\t<\/div>\n\t\t\t\t<div class=\"elementor-column elementor-col-50 elementor-inner-column elementor-element elementor-element-c71c598\" data-id=\"c71c598\" data-element_type=\"column\" data-e-type=\"column\">\n\t\t\t<div class=\"elementor-widget-wrap elementor-element-populated\">\n\t\t\t\t\t\t<div class=\"elementor-element elementor-element-ad12c16 elementor-widget elementor-widget-text-editor\" data-id=\"ad12c16\" data-element_type=\"widget\" data-e-type=\"widget\" data-widget_type=\"text-editor.default\">\n\t\t\t\t<div class=\"elementor-widget-container\">\n\t\t\t\t\t\t\t\t\t<p>Stefan J\u00e4ger ist Regisseur, Drehbuchautor und Dozent. Sein Studium der Regie und Drehbuch schloss er 1997 an der Filmakademie Baden-W\u00fcrttemberg ab. Seither ist er erfolgreich als Regisseur t\u00e4tig, seine Filme liefen auf zahlreichen internationalen Festivals und wurden mehrfach ausgezeichnet.<\/p><p>Seit 1998 ist er Inhaber der tellfilm GmbH Z\u00fcrich. Seit 2002 ist er in der Lehre t\u00e4tig, u.a. als Regiedozent in Ludwigsburg und seit 2018 Leiter der Drehbuchabteilung an der Z\u00fcrcher Hochschule der K\u00fcnste. J\u00e4ger ist Mitglied der Europ\u00e4ischen, der Deutschen und der Schweizer Filmakademie.<\/p>\t\t\t\t\t\t\t\t<\/div>\n\t\t\t\t<\/div>\n\t\t\t\t<div class=\"elementor-element elementor-element-2bc68a6 elementor-widget elementor-widget-text-editor\" data-id=\"2bc68a6\" data-element_type=\"widget\" data-e-type=\"widget\" data-widget_type=\"text-editor.default\">\n\t\t\t\t<div class=\"elementor-widget-container\">\n\t\t\t\t\t\t\t\t\t<p><span style=\"text-decoration: underline;\"><a href=\"https:\/\/www.imdb.com\/name\/nm0433471\/?ref_=nv_sr_srsg_0\" target=\"_blank\" rel=\"noopener\">IMDb<\/a><\/span><\/p><p><span style=\"text-decoration: underline;\"><a href=\"https:\/\/de.wikipedia.org\/wiki\/Stefan_J\u00e4ger_(Regisseur)\" target=\"_blank\" rel=\"noopener\">Wikipedia<\/a><\/span><\/p>\t\t\t\t\t\t\t\t<\/div>\n\t\t\t\t<\/div>\n\t\t\t\t\t<\/div>\n\t\t<\/div>\n\t\t\t\t\t<\/div>\n\t\t<\/section>\n\t\t\t\t<div class=\"elementor-element elementor-element-2784eff elementor-widget elementor-widget-spacer\" data-id=\"2784eff\" data-element_type=\"widget\" data-e-type=\"widget\" data-widget_type=\"spacer.default\">\n\t\t\t\t<div class=\"elementor-widget-container\">\n\t\t\t\t\t\t\t<div class=\"elementor-spacer\">\n\t\t\t<div class=\"elementor-spacer-inner\"><\/div>\n\t\t<\/div>\n\t\t\t\t\t\t<\/div>\n\t\t\t\t<\/div>\n\t\t\t\t\t<\/div>\n\t\t<\/div>\n\t\t\t\t\t<\/div>\n\t\t<\/section>\n\t\t\t\t<\/div>\n\t\t","protected":false},"excerpt":{"rendered":"<p>Stefan J\u00e4ger Regisseur, Produzent Stefan J\u00e4ger ist Regisseur, Drehbuchautor und Dozent. Sein Studium der Regie und Drehbuch schloss er 1997 an der Filmakademie Baden-W\u00fcrttemberg ab. Seither ist er erfolgreich als Regisseur t\u00e4tig, seine Filme liefen auf zahlreichen internationalen Festivals und wurden mehrfach ausgezeichnet. Seit 1998 ist er Inhaber der tellfilm GmbH Z\u00fcrich. Seit 2002 ist [&hellip;]<\/p>\n","protected":false},"author":5,"featured_media":0,"parent":298,"menu_order":3,"comment_status":"closed","ping_status":"closed","template":"","meta":{"footnotes":""},"class_list":["post-840","page","type-page","status-publish","hentry"],"yoast_head":"<!-- This site is optimized with the Yoast SEO plugin v27.5 - https:\/\/yoast.com\/product\/yoast-seo-wordpress\/ -->\n<title>Stefan J\u00e4ger - tellfilm<\/title>\n<meta name=\"robots\" content=\"index, follow, max-snippet:-1, max-image-preview:large, max-video-preview:-1\" \/>\n<link rel=\"canonical\" href=\"https:\/\/www.tellfilm.ch\/en\/ueber\/stefan-jaeger\/\" \/>\n<meta property=\"og:locale\" content=\"en_US\" \/>\n<meta property=\"og:type\" content=\"article\" \/>\n<meta property=\"og:title\" content=\"Stefan J\u00e4ger - tellfilm\" \/>\n<meta property=\"og:description\" content=\"Stefan J\u00e4ger Regisseur, Produzent Stefan J\u00e4ger ist Regisseur, Drehbuchautor und Dozent. Sein Studium der Regie und Drehbuch schloss er 1997 an der Filmakademie Baden-W\u00fcrttemberg ab. Seither ist er erfolgreich als Regisseur t\u00e4tig, seine Filme liefen auf zahlreichen internationalen Festivals und wurden mehrfach ausgezeichnet. Seit 1998 ist er Inhaber der tellfilm GmbH Z\u00fcrich. Seit 2002 ist [&hellip;]\" \/>\n<meta property=\"og:url\" content=\"https:\/\/www.tellfilm.ch\/en\/ueber\/stefan-jaeger\/\" \/>\n<meta property=\"og:site_name\" content=\"tellfilm\" \/>\n<meta property=\"article:modified_time\" content=\"2026-04-22T17:45:16+00:00\" \/>\n<meta property=\"og:image\" content=\"https:\/\/www.tellfilm.ch\/wp-content\/uploads\/2020\/06\/download-1-1.jpg\" \/>\n\t<meta property=\"og:image:width\" content=\"1014\" \/>\n\t<meta property=\"og:image:height\" content=\"1014\" \/>\n\t<meta property=\"og:image:type\" content=\"image\/jpeg\" \/>\n<meta name=\"twitter:card\" content=\"summary_large_image\" \/>\n<meta name=\"twitter:label1\" content=\"Est. reading time\" \/>\n\t<meta name=\"twitter:data1\" content=\"1 minute\" \/>\n<script type=\"application\/ld+json\" class=\"yoast-schema-graph\">{\"@context\":\"https:\\\/\\\/schema.org\",\"@graph\":[{\"@type\":\"WebPage\",\"@id\":\"https:\\\/\\\/www.tellfilm.ch\\\/ueber\\\/stefan-jaeger\\\/\",\"url\":\"https:\\\/\\\/www.tellfilm.ch\\\/ueber\\\/stefan-jaeger\\\/\",\"name\":\"Stefan J\u00e4ger - tellfilm\",\"isPartOf\":{\"@id\":\"https:\\\/\\\/www.tellfilm.ch\\\/#website\"},\"primaryImageOfPage\":{\"@id\":\"https:\\\/\\\/www.tellfilm.ch\\\/ueber\\\/stefan-jaeger\\\/#primaryimage\"},\"image\":{\"@id\":\"https:\\\/\\\/www.tellfilm.ch\\\/ueber\\\/stefan-jaeger\\\/#primaryimage\"},\"thumbnailUrl\":\"https:\\\/\\\/www.tellfilm.ch\\\/wp-content\\\/uploads\\\/2020\\\/06\\\/download-1-1.jpg\",\"datePublished\":\"2020-06-28T22:08:46+00:00\",\"dateModified\":\"2026-04-22T17:45:16+00:00\",\"breadcrumb\":{\"@id\":\"https:\\\/\\\/www.tellfilm.ch\\\/ueber\\\/stefan-jaeger\\\/#breadcrumb\"},\"inLanguage\":\"en-US\",\"potentialAction\":[{\"@type\":\"ReadAction\",\"target\":[\"https:\\\/\\\/www.tellfilm.ch\\\/ueber\\\/stefan-jaeger\\\/\"]}]},{\"@type\":\"ImageObject\",\"inLanguage\":\"en-US\",\"@id\":\"https:\\\/\\\/www.tellfilm.ch\\\/ueber\\\/stefan-jaeger\\\/#primaryimage\",\"url\":\"https:\\\/\\\/www.tellfilm.ch\\\/wp-content\\\/uploads\\\/2020\\\/06\\\/download-1-1.jpg\",\"contentUrl\":\"https:\\\/\\\/www.tellfilm.ch\\\/wp-content\\\/uploads\\\/2020\\\/06\\\/download-1-1.jpg\"},{\"@type\":\"BreadcrumbList\",\"@id\":\"https:\\\/\\\/www.tellfilm.ch\\\/ueber\\\/stefan-jaeger\\\/#breadcrumb\",\"itemListElement\":[{\"@type\":\"ListItem\",\"position\":1,\"name\":\"Startseite\",\"item\":\"https:\\\/\\\/www.tellfilm.ch\\\/\"},{\"@type\":\"ListItem\",\"position\":2,\"name\":\"\u00dcber\",\"item\":\"https:\\\/\\\/www.tellfilm.ch\\\/ueber\\\/\"},{\"@type\":\"ListItem\",\"position\":3,\"name\":\"Stefan J\u00e4ger\"}]},{\"@type\":\"WebSite\",\"@id\":\"https:\\\/\\\/www.tellfilm.ch\\\/#website\",\"url\":\"https:\\\/\\\/www.tellfilm.ch\\\/\",\"name\":\"tellfilm\",\"description\":\"Just another WordPress site\",\"potentialAction\":[{\"@type\":\"SearchAction\",\"target\":{\"@type\":\"EntryPoint\",\"urlTemplate\":\"https:\\\/\\\/www.tellfilm.ch\\\/?s={search_term_string}\"},\"query-input\":{\"@type\":\"PropertyValueSpecification\",\"valueRequired\":true,\"valueName\":\"search_term_string\"}}],\"inLanguage\":\"en-US\"}]}<\/script>\n<!-- \/ Yoast SEO plugin. -->","yoast_head_json":{"title":"Stefan J\u00e4ger - tellfilm","robots":{"index":"index","follow":"follow","max-snippet":"max-snippet:-1","max-image-preview":"max-image-preview:large","max-video-preview":"max-video-preview:-1"},"canonical":"https:\/\/www.tellfilm.ch\/en\/ueber\/stefan-jaeger\/","og_locale":"en_US","og_type":"article","og_title":"Stefan J\u00e4ger - tellfilm","og_description":"Stefan J\u00e4ger Regisseur, Produzent Stefan J\u00e4ger ist Regisseur, Drehbuchautor und Dozent. Sein Studium der Regie und Drehbuch schloss er 1997 an der Filmakademie Baden-W\u00fcrttemberg ab. Seither ist er erfolgreich als Regisseur t\u00e4tig, seine Filme liefen auf zahlreichen internationalen Festivals und wurden mehrfach ausgezeichnet. Seit 1998 ist er Inhaber der tellfilm GmbH Z\u00fcrich. Seit 2002 ist [&hellip;]","og_url":"https:\/\/www.tellfilm.ch\/en\/ueber\/stefan-jaeger\/","og_site_name":"tellfilm","article_modified_time":"2026-04-22T17:45:16+00:00","og_image":[{"width":1014,"height":1014,"url":"https:\/\/www.tellfilm.ch\/wp-content\/uploads\/2020\/06\/download-1-1.jpg","type":"image\/jpeg"}],"twitter_card":"summary_large_image","twitter_misc":{"Est. reading time":"1 minute"},"schema":{"@context":"https:\/\/schema.org","@graph":[{"@type":"WebPage","@id":"https:\/\/www.tellfilm.ch\/ueber\/stefan-jaeger\/","url":"https:\/\/www.tellfilm.ch\/ueber\/stefan-jaeger\/","name":"Stefan J\u00e4ger - tellfilm","isPartOf":{"@id":"https:\/\/www.tellfilm.ch\/#website"},"primaryImageOfPage":{"@id":"https:\/\/www.tellfilm.ch\/ueber\/stefan-jaeger\/#primaryimage"},"image":{"@id":"https:\/\/www.tellfilm.ch\/ueber\/stefan-jaeger\/#primaryimage"},"thumbnailUrl":"https:\/\/www.tellfilm.ch\/wp-content\/uploads\/2020\/06\/download-1-1.jpg","datePublished":"2020-06-28T22:08:46+00:00","dateModified":"2026-04-22T17:45:16+00:00","breadcrumb":{"@id":"https:\/\/www.tellfilm.ch\/ueber\/stefan-jaeger\/#breadcrumb"},"inLanguage":"en-US","potentialAction":[{"@type":"ReadAction","target":["https:\/\/www.tellfilm.ch\/ueber\/stefan-jaeger\/"]}]},{"@type":"ImageObject","inLanguage":"en-US","@id":"https:\/\/www.tellfilm.ch\/ueber\/stefan-jaeger\/#primaryimage","url":"https:\/\/www.tellfilm.ch\/wp-content\/uploads\/2020\/06\/download-1-1.jpg","contentUrl":"https:\/\/www.tellfilm.ch\/wp-content\/uploads\/2020\/06\/download-1-1.jpg"},{"@type":"BreadcrumbList","@id":"https:\/\/www.tellfilm.ch\/ueber\/stefan-jaeger\/#breadcrumb","itemListElement":[{"@type":"ListItem","position":1,"name":"Startseite","item":"https:\/\/www.tellfilm.ch\/"},{"@type":"ListItem","position":2,"name":"\u00dcber","item":"https:\/\/www.tellfilm.ch\/ueber\/"},{"@type":"ListItem","position":3,"name":"Stefan J\u00e4ger"}]},{"@type":"WebSite","@id":"https:\/\/www.tellfilm.ch\/#website","url":"https:\/\/www.tellfilm.ch\/","name":"tellfilm","description":"Just another WordPress site","potentialAction":[{"@type":"SearchAction","target":{"@type":"EntryPoint","urlTemplate":"https:\/\/www.tellfilm.ch\/?s={search_term_string}"},"query-input":{"@type":"PropertyValueSpecification","valueRequired":true,"valueName":"search_term_string"}}],"inLanguage":"en-US"}]}},"_links":{"self":[{"href":"https:\/\/www.tellfilm.ch\/en\/wp-json\/wp\/v2\/pages\/840","targetHints":{"allow":["GET"]}}],"collection":[{"href":"https:\/\/www.tellfilm.ch\/en\/wp-json\/wp\/v2\/pages"}],"about":[{"href":"https:\/\/www.tellfilm.ch\/en\/wp-json\/wp\/v2\/types\/page"}],"author":[{"embeddable":true,"href":"https:\/\/www.tellfilm.ch\/en\/wp-json\/wp\/v2\/users\/5"}],"replies":[{"embeddable":true,"href":"https:\/\/www.tellfilm.ch\/en\/wp-json\/wp\/v2\/comments?post=840"}],"version-history":[{"count":9,"href":"https:\/\/www.tellfilm.ch\/en\/wp-json\/wp\/v2\/pages\/840\/revisions"}],"predecessor-version":[{"id":4713,"href":"https:\/\/www.tellfilm.ch\/en\/wp-json\/wp\/v2\/pages\/840\/revisions\/4713"}],"up":[{"embeddable":true,"href":"https:\/\/www.tellfilm.ch\/en\/wp-json\/wp\/v2\/pages\/298"}],"wp:attachment":[{"href":"https:\/\/www.tellfilm.ch\/en\/wp-json\/wp\/v2\/media?parent=840"}],"curies":[{"name":"wp","href":"https:\/\/api.w.org\/{rel}","templated":true}]}}