{"id":288,"date":"2020-06-16T19:28:21","date_gmt":"2020-06-16T19:28:21","guid":{"rendered":"https:\/\/www.tellfilm.ch\/?page_id=288"},"modified":"2026-01-21T15:09:43","modified_gmt":"2026-01-21T15:09:43","slug":"news","status":"publish","type":"page","link":"https:\/\/www.tellfilm.ch\/en\/news\/","title":{"rendered":"News"},"content":{"rendered":"\t\t<div data-elementor-type=\"wp-page\" data-elementor-id=\"288\" class=\"elementor elementor-288\" data-elementor-post-type=\"page\">\n\t\t\t\t\t\t<section data-particle_enable=\"false\" data-particle-mobile-disabled=\"false\" class=\"elementor-section elementor-top-section elementor-element elementor-element-55fa7a8 elementor-section-boxed elementor-section-height-default elementor-section-height-default\" data-id=\"55fa7a8\" data-element_type=\"section\" data-e-type=\"section\" data-settings=\"{&quot;jet_parallax_layout_list&quot;:[{&quot;jet_parallax_layout_image&quot;:{&quot;url&quot;:&quot;&quot;,&quot;id&quot;:&quot;&quot;,&quot;size&quot;:&quot;&quot;},&quot;_id&quot;:&quot;df57db6&quot;,&quot;jet_parallax_layout_image_tablet&quot;:{&quot;url&quot;:&quot;&quot;,&quot;id&quot;:&quot;&quot;,&quot;size&quot;:&quot;&quot;},&quot;jet_parallax_layout_image_mobile&quot;:{&quot;url&quot;:&quot;&quot;,&quot;id&quot;:&quot;&quot;,&quot;size&quot;:&quot;&quot;},&quot;jet_parallax_layout_speed&quot;:{&quot;unit&quot;:&quot;%&quot;,&quot;size&quot;:50,&quot;sizes&quot;:[]},&quot;jet_parallax_layout_type&quot;:&quot;scroll&quot;,&quot;jet_parallax_layout_direction&quot;:&quot;1&quot;,&quot;jet_parallax_layout_fx_direction&quot;:null,&quot;jet_parallax_layout_z_index&quot;:&quot;&quot;,&quot;jet_parallax_layout_bg_x&quot;:50,&quot;jet_parallax_layout_bg_x_tablet&quot;:&quot;&quot;,&quot;jet_parallax_layout_bg_x_mobile&quot;:&quot;&quot;,&quot;jet_parallax_layout_bg_y&quot;:50,&quot;jet_parallax_layout_bg_y_tablet&quot;:&quot;&quot;,&quot;jet_parallax_layout_bg_y_mobile&quot;:&quot;&quot;,&quot;jet_parallax_layout_bg_size&quot;:&quot;auto&quot;,&quot;jet_parallax_layout_bg_size_tablet&quot;:&quot;&quot;,&quot;jet_parallax_layout_bg_size_mobile&quot;:&quot;&quot;,&quot;jet_parallax_layout_animation_prop&quot;:&quot;transform&quot;,&quot;jet_parallax_layout_on&quot;:[&quot;desktop&quot;,&quot;tablet&quot;]}]}\">\n\t\t\t\t\t\t<div class=\"elementor-container elementor-column-gap-default\">\n\t\t\t\t\t<div class=\"elementor-column elementor-col-50 elementor-top-column elementor-element elementor-element-893c980\" data-id=\"893c980\" data-element_type=\"column\" data-e-type=\"column\">\n\t\t\t<div class=\"elementor-widget-wrap elementor-element-populated\">\n\t\t\t\t\t\t<div class=\"elementor-element elementor-element-483485c elementor-widget elementor-widget-spacer\" data-id=\"483485c\" data-element_type=\"widget\" data-e-type=\"widget\" data-widget_type=\"spacer.default\">\n\t\t\t\t<div class=\"elementor-widget-container\">\n\t\t\t\t\t\t\t<div class=\"elementor-spacer\">\n\t\t\t<div class=\"elementor-spacer-inner\"><\/div>\n\t\t<\/div>\n\t\t\t\t\t\t<\/div>\n\t\t\t\t<\/div>\n\t\t\t\t<div class=\"elementor-element elementor-element-b7e2bf0 elementor-widget elementor-widget-html\" data-id=\"b7e2bf0\" data-element_type=\"widget\" data-e-type=\"widget\" data-widget_type=\"html.default\">\n\t\t\t\t<div class=\"elementor-widget-container\">\n\t\t\t\t\t<iframe data-w-type=\"embedded\" frameborder=\"0\" scrolling=\"no\" marginheight=\"0\" marginwidth=\"0\" src=\"https:\/\/0l6zg.mjt.lu\/wgt\/0l6zg\/0ttn\/form?c=c42eba75\" width=\"100%\" style=\"height: 0;\"><\/iframe>\n\n<script type=\"text\/javascript\" src=\"https:\/\/app.mailjet.com\/pas-nc-embedded-v1.js\"><\/script>\n\t\t\t\t<\/div>\n\t\t\t\t<\/div>\n\t\t\t\t<div class=\"elementor-element elementor-element-6c9d617 elementor-widget elementor-widget-heading\" data-id=\"6c9d617\" data-element_type=\"widget\" data-e-type=\"widget\" data-widget_type=\"heading.default\">\n\t\t\t\t<div class=\"elementor-widget-container\">\n\t\t\t\t\t<h2 class=\"elementor-heading-title elementor-size-default\">News<\/h2>\t\t\t\t<\/div>\n\t\t\t\t<\/div>\n\t\t\t\t<div class=\"elementor-element elementor-element-96946fe elementor-grid-eael-col-1 elementor-grid-tablet-eael-col-1 elementor-grid-mobile-eael-col-1 elementor-widget elementor-widget-eael-post-grid\" data-id=\"96946fe\" data-element_type=\"widget\" data-e-type=\"widget\" data-settings=\"{&quot;eael_post_grid_columns&quot;:&quot;eael-col-1&quot;,&quot;eael_post_grid_columns_tablet&quot;:&quot;eael-col-1&quot;,&quot;eael_post_grid_columns_mobile&quot;:&quot;eael-col-1&quot;}\" data-widget_type=\"eael-post-grid.default\">\n\t\t\t\t<div class=\"elementor-widget-container\">\n\t\t\t\t\t<div id=\"eael-post-grid-96946fe\" class=\"eael-post-grid-container\">\n            <div class=\"eael-post-grid eael-post-appender eael-post-appender-96946fe eael-post-grid-style-two\" data-layout-mode=\"masonry\"><article class=\"eael-grid-post  eael-post-grid-column eael-pg-post-4658 category-uncategorized\" data-id=\"4658\">\n    <div class=\"eael-grid-post-holder\">\n        <div class=\"eael-grid-post-holder-inner\"><div class=\"eael-entry-wrapper\"><header class=\"eael-entry-header\"><h2 class=\"eael-entry-title\"><a class=\"eael-grid-post-link\" href=\"https:\/\/www.tellfilm.ch\/en\/2026\/01\/14\/schweizer-filmpreis-2026\/\" title=\"6 tellfilm-Produktionen nominierbar f\u00fcr den Schweizer Filmpreis!\">6 tellfilm-Produktionen nominierbar f\u00fcr den Schweizer Filmpreis!<\/a><\/h2><\/header><div class=\"eael-entry-header-after style-two\"><div class=\"eael-entry-meta\"><span class=\"eael-posted-on eael-meta-posted-on\"><i class=\"far fa-clock\"><\/i><time datetime=\"January 14, 2026\">January 14, 2026<\/time><\/span><\/div><\/div><div class=\"eael-entry-content\">\n                                <div class=\"eael-grid-post-excerpt\"><p>6 tellfilm-Produktionen nominierbar f\u00fcr den Schweizer Filmpreis! Sechs aktuelle tellfilm-Produktionen, die ihr nicht verpassen solltet, sind in unterschiedlichen Kategorien f\u00fcr den Schweizer Filmpreis nominierbar! &#8202; Sechs aktuelle tellfilm-Produktionen, die ihr nicht verpassen solltet, sind in unterschiedlichen Kategorien f\u00fcr den Schweizer Filmpreis nominierbar! Nicolas Steiners neuer Spielfilm SIE GLAUBEN AN ENGEL, HERR DROWAK?, der am 24. [&hellip;]<\/p><\/div>\n                            <\/div><\/div><\/div>\n    <\/div>\n<\/article><article class=\"eael-grid-post  eael-post-grid-column eael-pg-post-4651 category-uncategorized\" data-id=\"4651\">\n    <div class=\"eael-grid-post-holder\">\n        <div class=\"eael-grid-post-holder-inner\"><div class=\"eael-entry-wrapper\"><header class=\"eael-entry-header\"><h2 class=\"eael-entry-title\"><a class=\"eael-grid-post-link\" href=\"https:\/\/www.tellfilm.ch\/en\/2025\/12\/17\/tellfilm-2025\/\" title=\"tellfilm 2025 &#8211; was f\u00fcr ein Jahr!\">tellfilm 2025 &#8211; was f\u00fcr ein Jahr!<\/a><\/h2><\/header><div class=\"eael-entry-header-after style-two\"><div class=\"eael-entry-meta\"><span class=\"eael-posted-on eael-meta-posted-on\"><i class=\"far fa-clock\"><\/i><time datetime=\"December 17, 2025\">December 17, 2025<\/time><\/span><\/div><\/div><div class=\"eael-entry-content\">\n                                <div class=\"eael-grid-post-excerpt\"><p>tellfilm 2025 &#8211; was f\u00fcr ein Jahr! Ein Jahr voller bewegender Geschichten liegt hinter uns, w\u00e4hrend wir mit Neugier und Vorfreude auf das kommende Jahr blicken. tellfilm 2025 \u2013 was f\u00fcr ein Jahr! english version below \u2193 Online-Version anzeigen Ein ereignisreiches Jahr voller bewegender Geschichten liegt hinter uns. Mit MOTHER\u2019S BABY im Wettbewerb der Berlinale, [&hellip;]<\/p><\/div>\n                            <\/div><\/div><\/div>\n    <\/div>\n<\/article><article class=\"eael-grid-post  eael-post-grid-column eael-pg-post-4646 category-uncategorized\" data-id=\"4646\">\n    <div class=\"eael-grid-post-holder\">\n        <div class=\"eael-grid-post-holder-inner\"><div class=\"eael-entry-wrapper\"><header class=\"eael-entry-header\"><h2 class=\"eael-entry-title\"><a class=\"eael-grid-post-link\" href=\"https:\/\/www.tellfilm.ch\/en\/2025\/12\/03\/love-roulette-weltpremiere\/\" title=\"LOVE ROULETTE feiert Weltpremiere! \ud83d\udc9b\">LOVE ROULETTE feiert Weltpremiere! \ud83d\udc9b<\/a><\/h2><\/header><div class=\"eael-entry-header-after style-two\"><div class=\"eael-entry-meta\"><span class=\"eael-posted-on eael-meta-posted-on\"><i class=\"far fa-clock\"><\/i><time datetime=\"December 3, 2025\">December 3, 2025<\/time><\/span><\/div><\/div><div class=\"eael-entry-content\">\n                                <div class=\"eael-grid-post-excerpt\"><p>LOVE ROULETTE feiert Weltpremiere! \ud83d\udc9b Am letzten Mittwoch f\u00fchlte sich Z\u00fcrich ein bisschen wie Hollywood an. Ausverkaufte Weltpremiere von &nbsp; &nbsp; LOVE ROULETTE! Sold out world premiere of LOVE ROULETTE! english version below \u2193 Online-Version anzeigen Am letzten Mittwoch f\u00fchlte sich Z\u00fcrich ein bisschen wie Hollywood an. Der rote Teppich wurde ausgerollt, die Champagner-Korken geknallt, [&hellip;]<\/p><\/div>\n                            <\/div><\/div><\/div>\n    <\/div>\n<\/article><article class=\"eael-grid-post  eael-post-grid-column eael-pg-post-4638 category-uncategorized\" data-id=\"4638\">\n    <div class=\"eael-grid-post-holder\">\n        <div class=\"eael-grid-post-holder-inner\"><div class=\"eael-entry-wrapper\"><header class=\"eael-entry-header\"><h2 class=\"eael-entry-title\"><a class=\"eael-grid-post-link\" href=\"https:\/\/www.tellfilm.ch\/en\/2025\/10\/01\/oktober-2025\/\" title=\"OKTOBER 2025: DER PRANK begeistert \u2013 DER EISMANN bewegt!\">OKTOBER 2025: DER PRANK begeistert \u2013 DER EISMANN bewegt!<\/a><\/h2><\/header><div class=\"eael-entry-header-after style-two\"><div class=\"eael-entry-meta\"><span class=\"eael-posted-on eael-meta-posted-on\"><i class=\"far fa-clock\"><\/i><time datetime=\"October 1, 2025\">October 1, 2025<\/time><\/span><\/div><\/div><div class=\"eael-entry-content\">\n                                <div class=\"eael-grid-post-excerpt\"><p>DER PRANK begeistert \u2013 DER EISMANN bewegt! DER PRANK gewinnt doppelt am ZFF, DER EISMANN feiert internationale Premiere in Warschau. Doppelte Auszeichnung am ZFF von DER PRANK \u2013 APRIL, APRIL! und internationale Premiere von DER EISMANN am Filmfestival in Warschau! Two awards at the ZFF for PRANK and international premiere of ICEMAN in Warsaw! english [&hellip;]<\/p><\/div>\n                            <\/div><\/div><\/div>\n    <\/div>\n<\/article><article class=\"eael-grid-post  eael-post-grid-column eael-pg-post-4633 category-uncategorized\" data-id=\"4633\">\n    <div class=\"eael-grid-post-holder\">\n        <div class=\"eael-grid-post-holder-inner\"><div class=\"eael-entry-wrapper\"><header class=\"eael-entry-header\"><h2 class=\"eael-entry-title\"><a class=\"eael-grid-post-link\" href=\"https:\/\/www.tellfilm.ch\/en\/2025\/07\/14\/juli-2025\/\" title=\"JULI 2025: Drehschluss, Premiere, Kinostart!\">JULI 2025: Drehschluss, Premiere, Kinostart!<\/a><\/h2><\/header><div class=\"eael-entry-header-after style-two\"><div class=\"eael-entry-meta\"><span class=\"eael-posted-on eael-meta-posted-on\"><i class=\"far fa-clock\"><\/i><time datetime=\"July 14, 2025\">July 14, 2025<\/time><\/span><\/div><\/div><div class=\"eael-entry-content\">\n                                <div class=\"eael-grid-post-excerpt\"><p>Drehschluss, Premiere und Kinostart Drehschluss LOVE ROULETTE, SIE GLAUBEN AN ENGEL, HERR DROWAK? in Shanghai, Kinostart MOTHER&#8217;S BABY Drehschluss, Premiere, Kinostart Filming completed, premiere, theatrical release english version below \u2193 Online-Version anzeigen Drehschluss f\u00fcr LOVE ROULETTE \u2013 Klappe, die Letzte! \ud83c\udfac&nbsp; Nach 26 intensiven Drehtagen in Z\u00fcrich und Salzburg feiern wir den erfolgreichen Abschluss der [&hellip;]<\/p><\/div>\n                            <\/div><\/div><\/div>\n    <\/div>\n<\/article><article class=\"eael-grid-post  eael-post-grid-column eael-pg-post-4132 category-uncategorized\" data-id=\"4132\">\n    <div class=\"eael-grid-post-holder\">\n        <div class=\"eael-grid-post-holder-inner\"><div class=\"eael-entry-wrapper\"><header class=\"eael-entry-header\"><h2 class=\"eael-entry-title\"><a class=\"eael-grid-post-link\" href=\"https:\/\/www.tellfilm.ch\/en\/2024\/07\/16\/shooting-start-for-the-prank-two-globo-doro-for-gloria-the-tasters-in-post-production\/\" title=\"SUMMER NEWS: SHOOTING START FOR THE PRANK, TWO GLOBO D&#8217;ORO FOR GLORIA!, THE TASTERS IN POST-PRODUCTION\">SUMMER NEWS: SHOOTING START FOR THE PRANK, TWO GLOBO D&#8217;ORO FOR GLORIA!, THE TASTERS IN POST-PRODUCTION<\/a><\/h2><\/header><div class=\"eael-entry-header-after style-two\"><div class=\"eael-entry-meta\"><span class=\"eael-posted-on eael-meta-posted-on\"><i class=\"far fa-clock\"><\/i><time datetime=\"July 16, 2024\">July 16, 2024<\/time><\/span><\/div><\/div><div class=\"eael-entry-content\">\n                                <div class=\"eael-grid-post-excerpt\"><p>SHOOTING START FOR THE PRANK, TWO GLOBO D\u2019ORO FOR GLORIA!, THE TASTERS IN POST-PRODUCTION Start of principal photography of THE PRANK by Benjamin Heisenberg Since July 1st, filming has been underway in Berlin and Zurich for the family and children&#8217;s feature film THE PRANK by Benjamin Heisenberg Twelve-year-old Lucas Roosen and his family live together [&hellip;]<\/p><\/div>\n                            <\/div><\/div><\/div>\n    <\/div>\n<\/article><article class=\"eael-grid-post  eael-post-grid-column eael-pg-post-4064 category-uncategorized\" data-id=\"4064\">\n    <div class=\"eael-grid-post-holder\">\n        <div class=\"eael-grid-post-holder-inner\"><div class=\"eael-entry-wrapper\"><header class=\"eael-entry-header\"><h2 class=\"eael-entry-title\"><a class=\"eael-grid-post-link\" href=\"https:\/\/www.tellfilm.ch\/en\/2024\/05\/06\/4064\/\" title=\"AUDIENCE AWARD, SHOOTING END FOR 2 FEATURE FILMS, CANNES FILM FESTIVAL, GLORIA! IN CINEMAS\">AUDIENCE AWARD, SHOOTING END FOR 2 FEATURE FILMS, CANNES FILM FESTIVAL, GLORIA! IN CINEMAS<\/a><\/h2><\/header><div class=\"eael-entry-header-after style-two\"><div class=\"eael-entry-meta\"><span class=\"eael-posted-on eael-meta-posted-on\"><i class=\"far fa-clock\"><\/i><time datetime=\"May 6, 2024\">May 6, 2024<\/time><\/span><\/div><\/div><div class=\"eael-entry-content\">\n                                <div class=\"eael-grid-post-excerpt\"><p>AUDIENCE AWARD, SHOOTING END FOR 2 FEATURE FILMS, CANNES FILM FESTIVAL, GLORIA! IN CINEMAS INGEBORG BACHMANN \u2013 JOURNEY INTO THE DESERT receives Audience Award Congratulations to the 28th Berlin &#038; Beyond Film Festival 2024 Audience Award Best Feature Film winner INGEBORG BACHMANN \u2013 JOURNEY INTO THE DESERT, directed by Margarethe von Trotta, starring Vicky Krieps, [&hellip;]<\/p><\/div>\n                            <\/div><\/div><\/div>\n    <\/div>\n<\/article><article class=\"eael-grid-post  eael-post-grid-column eael-pg-post-3118 category-uncategorized\" data-id=\"3118\">\n    <div class=\"eael-grid-post-holder\">\n        <div class=\"eael-grid-post-holder-inner\"><div class=\"eael-entry-media\"><div class=\"eael-entry-overlay fade-in\"><i class=\"fas fa-long-arrow-alt-right\" aria-hidden=\"true\"><\/i><a href=\"https:\/\/www.tellfilm.ch\/en\/2023\/10\/27\/monte-verita-kinostart-in-spanien-ab-12-08-2022-copy\/\"><\/a><\/div><div class=\"eael-entry-thumbnail \">\n                            <img fetchpriority=\"high\" decoding=\"async\" width=\"1416\" height=\"2025\" src=\"https:\/\/www.tellfilm.ch\/wp-content\/uploads\/2023\/10\/IngeborgBachmann_DCH_Plakat-compressed.jpg\" class=\"attachment-full size-full wp-image-3094\" alt=\"\" srcset=\"https:\/\/www.tellfilm.ch\/wp-content\/uploads\/2023\/10\/IngeborgBachmann_DCH_Plakat-compressed.jpg 1416w, https:\/\/www.tellfilm.ch\/wp-content\/uploads\/2023\/10\/IngeborgBachmann_DCH_Plakat-compressed-210x300.jpg 210w, https:\/\/www.tellfilm.ch\/wp-content\/uploads\/2023\/10\/IngeborgBachmann_DCH_Plakat-compressed-716x1024.jpg 716w, https:\/\/www.tellfilm.ch\/wp-content\/uploads\/2023\/10\/IngeborgBachmann_DCH_Plakat-compressed-768x1098.jpg 768w, https:\/\/www.tellfilm.ch\/wp-content\/uploads\/2023\/10\/IngeborgBachmann_DCH_Plakat-compressed-1074x1536.jpg 1074w, https:\/\/www.tellfilm.ch\/wp-content\/uploads\/2023\/10\/IngeborgBachmann_DCH_Plakat-compressed-8x12.jpg 8w\" sizes=\"(max-width: 1416px) 100vw, 1416px\" \/>\n                            <\/div>\n                    <\/div><div class=\"eael-entry-wrapper\"><header class=\"eael-entry-header\"><h2 class=\"eael-entry-title\"><a class=\"eael-grid-post-link\" href=\"https:\/\/www.tellfilm.ch\/en\/2023\/10\/27\/monte-verita-kinostart-in-spanien-ab-12-08-2022-copy\/\" title=\"KINOSTART IN DER SCHWEIZ\">KINOSTART IN DER SCHWEIZ<\/a><\/h2><\/header><div class=\"eael-entry-header-after style-two\"><div class=\"eael-entry-meta\"><span class=\"eael-posted-on eael-meta-posted-on\"><i class=\"far fa-clock\"><\/i><time datetime=\"October 27, 2023\">October 27, 2023<\/time><\/span><\/div><\/div><div class=\"eael-entry-content\">\n                                <div class=\"eael-grid-post-excerpt\"><p>INGEBORG BACHMANN \u2013 REISE IN DIE W\u00dcSTE Nach der erfolgreichen Schweiz-Premiere, die wir am 2. Oktober im Rahmen des Zurich Film Festivals als Gala Premiere feiern durften, freuen wir uns nun, dass INGEBORG BACHMANN &#8211; REISE IN DIE W\u00dcSTE am 26. Oktober regul\u00e4r in den Schweizer Kinos startet. Alle St\u00e4dte und Kinos findest Du unten. [&hellip;]<\/p><\/div>\n                            <\/div><\/div><\/div>\n    <\/div>\n<\/article><article class=\"eael-grid-post  eael-post-grid-column eael-pg-post-2670 category-uncategorized\" data-id=\"2670\">\n    <div class=\"eael-grid-post-holder\">\n        <div class=\"eael-grid-post-holder-inner\"><div class=\"eael-entry-wrapper\"><header class=\"eael-entry-header\"><h2 class=\"eael-entry-title\"><a class=\"eael-grid-post-link\" href=\"https:\/\/www.tellfilm.ch\/en\/2023\/01\/31\/ingeborg-bachmann-reise-in-die-wueste\/\" title=\"INGEBORG BACHMANN \u2013 REISE IN DIE W\u00dcSTE\u200b\">INGEBORG BACHMANN \u2013 REISE IN DIE W\u00dcSTE\u200b<\/a><\/h2><\/header><div class=\"eael-entry-header-after style-two\"><div class=\"eael-entry-meta\"><span class=\"eael-posted-on eael-meta-posted-on\"><i class=\"far fa-clock\"><\/i><time datetime=\"January 31, 2023\">January 31, 2023<\/time><\/span><\/div><\/div><div class=\"eael-entry-content\">\n                                <div class=\"eael-grid-post-excerpt\"><p>INGEBORG BACHMANN \u2013 REISE IN DIE W\u00dcSTE Unsere 4-L\u00e4nder-Koproduktion INGEBORG BACHMANN \u2013 REISE IN DIE W\u00dcSTE der preisgekr\u00f6nten Regisseurin Margarethe von Trotta feiert Weltpremiere im Wettbewerb der 73. Internationalen Filmfestspiele Berlin!&nbsp;Margarethe von Trottas&nbsp;neuer Spielfilm nimmt die&nbsp;Autorin Ingeborg Bachmann ins Zentrum, eine radikale&nbsp;Schriftstellerin&nbsp;und kompromisslos Lebende und Liebende. Der Film erz\u00e4hlt vom Leben&nbsp;Bachmanns in Berlin,&nbsp;Z\u00fcrich und Rom, [&hellip;]<\/p><\/div>\n                            <\/div><\/div><\/div>\n    <\/div>\n<\/article><article class=\"eael-grid-post  eael-post-grid-column eael-pg-post-2587 category-uncategorized\" data-id=\"2587\">\n    <div class=\"eael-grid-post-holder\">\n        <div class=\"eael-grid-post-holder-inner\"><div class=\"eael-entry-media\"><div class=\"eael-entry-overlay fade-in\"><i class=\"fas fa-long-arrow-alt-right\" aria-hidden=\"true\"><\/i><a href=\"https:\/\/www.tellfilm.ch\/en\/2022\/08\/23\/dear-memories-eine-reise-mit-dem-magnum-fotografen-thomas-hoepker\/\"><\/a><\/div><div class=\"eael-entry-thumbnail \">\n                            <img decoding=\"async\" width=\"1792\" height=\"2560\" src=\"https:\/\/www.tellfilm.ch\/wp-content\/uploads\/2022\/08\/POSTER_PROJECT_MV_SPANISH-scaled.jpg\" class=\"attachment-full size-full wp-image-2588\" alt=\"\" srcset=\"https:\/\/www.tellfilm.ch\/wp-content\/uploads\/2022\/08\/POSTER_PROJECT_MV_SPANISH-scaled.jpg 1792w, https:\/\/www.tellfilm.ch\/wp-content\/uploads\/2022\/08\/POSTER_PROJECT_MV_SPANISH-210x300.jpg 210w, https:\/\/www.tellfilm.ch\/wp-content\/uploads\/2022\/08\/POSTER_PROJECT_MV_SPANISH-717x1024.jpg 717w, https:\/\/www.tellfilm.ch\/wp-content\/uploads\/2022\/08\/POSTER_PROJECT_MV_SPANISH-768x1097.jpg 768w, https:\/\/www.tellfilm.ch\/wp-content\/uploads\/2022\/08\/POSTER_PROJECT_MV_SPANISH-1075x1536.jpg 1075w, https:\/\/www.tellfilm.ch\/wp-content\/uploads\/2022\/08\/POSTER_PROJECT_MV_SPANISH-1433x2048.jpg 1433w, https:\/\/www.tellfilm.ch\/wp-content\/uploads\/2022\/08\/POSTER_PROJECT_MV_SPANISH-8x12.jpg 8w\" sizes=\"(max-width: 1792px) 100vw, 1792px\" \/>\n                            <\/div>\n                    <\/div><div class=\"eael-entry-wrapper\"><header class=\"eael-entry-header\"><h2 class=\"eael-entry-title\"><a class=\"eael-grid-post-link\" href=\"https:\/\/www.tellfilm.ch\/en\/2022\/08\/23\/dear-memories-eine-reise-mit-dem-magnum-fotografen-thomas-hoepker\/\" title=\"Monte Verit\u00e0 \u2013 Kinostart in Spanien ab 12.08.2022\">Monte Verit\u00e0 \u2013 Kinostart in Spanien ab 12.08.2022<\/a><\/h2><\/header><div class=\"eael-entry-header-after style-two\"><div class=\"eael-entry-meta\"><span class=\"eael-posted-on eael-meta-posted-on\"><i class=\"far fa-clock\"><\/i><time datetime=\"August 23, 2022\">August 23, 2022<\/time><\/span><\/div><\/div><div class=\"eael-entry-content\">\n                                <div class=\"eael-grid-post-excerpt\"><p>Monte Verit\u00e0 Kinostart in Spanien ab 12.08.2022<\/p><\/div>\n                            <\/div><\/div><\/div>\n    <\/div>\n<\/article><\/div>\n            <div class=\"clearfix\"><\/div>\n        <\/div>            <div class=\"eael-load-more-button-wrap eael-force-hide\">\n                <button class=\"eael-load-more-button\" id=\"eael-load-more-btn-96946fe\" data-widget-id=\"96946fe\" data-widget=\"96946fe\" data-page-id=\"288\" data-template=\"{&quot;dir&quot;:&quot;lite&quot;,&quot;file_name&quot;:&quot;two.php&quot;,&quot;name&quot;:&quot;Post-Grid&quot;}\" data-class=\"Essential_Addons_Elementor\\Elements\\Post_Grid\" data-layout=\"masonry\" data-page=\"1\" data-args=\"orderby=date&amp;order=desc&amp;ignore_sticky_posts=1&amp;post_status=publish&amp;posts_per_page=10&amp;offset=0&amp;post_type=post\" data-max-page=\"3\">\n                    <span class=\"eael-btn-loader button__loader\"><\/span>\n                    <span class=\"eael_load_more_text\">Load More<\/span>\n                <\/button>\n            <\/div>\n            \t\t\t\t<\/div>\n\t\t\t\t<\/div>\n\t\t\t\t<div class=\"elementor-element elementor-element-d75935f elementor-widget elementor-widget-spacer\" data-id=\"d75935f\" data-element_type=\"widget\" data-e-type=\"widget\" data-widget_type=\"spacer.default\">\n\t\t\t\t<div class=\"elementor-widget-container\">\n\t\t\t\t\t\t\t<div class=\"elementor-spacer\">\n\t\t\t<div class=\"elementor-spacer-inner\"><\/div>\n\t\t<\/div>\n\t\t\t\t\t\t<\/div>\n\t\t\t\t<\/div>\n\t\t\t\t\t<\/div>\n\t\t<\/div>\n\t\t\t\t<div class=\"elementor-column elementor-col-50 elementor-top-column elementor-element elementor-element-23fbb18\" data-id=\"23fbb18\" data-element_type=\"column\" data-e-type=\"column\">\n\t\t\t<div class=\"elementor-widget-wrap\">\n\t\t\t\t\t\t\t<\/div>\n\t\t<\/div>\n\t\t\t\t\t<\/div>\n\t\t<\/section>\n\t\t\t\t<\/div>\n\t\t","protected":false},"excerpt":{"rendered":"<p>News 6 tellfilm-Produktionen nominierbar f\u00fcr den Schweizer Filmpreis! Januar 14, 2026 6 tellfilm-Produktionen nominierbar f\u00fcr den Schweizer Filmpreis! Sechs aktuelle tellfilm-Produktionen, die ihr nicht verpassen solltet, sind in unterschiedlichen Kategorien f\u00fcr den Schweizer Filmpreis nominierbar! &#8202; Sechs aktuelle tellfilm-Produktionen, die ihr nicht verpassen solltet, sind in unterschiedlichen Kategorien f\u00fcr den Schweizer Filmpreis nominierbar! Nicolas Steiners [&hellip;]<\/p>\n","protected":false},"author":5,"featured_media":0,"parent":0,"menu_order":7,"comment_status":"closed","ping_status":"closed","template":"elementor_header_footer","meta":{"footnotes":""},"class_list":["post-288","page","type-page","status-publish","hentry"],"yoast_head":"<!-- This site is optimized with the Yoast SEO plugin v27.5 - https:\/\/yoast.com\/product\/yoast-seo-wordpress\/ -->\n<title>News - tellfilm<\/title>\n<meta name=\"robots\" content=\"index, follow, max-snippet:-1, max-image-preview:large, max-video-preview:-1\" \/>\n<link rel=\"canonical\" href=\"https:\/\/www.tellfilm.ch\/en\/news\/\" \/>\n<meta property=\"og:locale\" content=\"en_US\" \/>\n<meta property=\"og:type\" content=\"article\" \/>\n<meta property=\"og:title\" content=\"News - tellfilm\" \/>\n<meta property=\"og:description\" content=\"News 6 tellfilm-Produktionen nominierbar f\u00fcr den Schweizer Filmpreis! Januar 14, 2026 6 tellfilm-Produktionen nominierbar f\u00fcr den Schweizer Filmpreis! Sechs aktuelle tellfilm-Produktionen, die ihr nicht verpassen solltet, sind in unterschiedlichen Kategorien f\u00fcr den Schweizer Filmpreis nominierbar! &#8202; Sechs aktuelle tellfilm-Produktionen, die ihr nicht verpassen solltet, sind in unterschiedlichen Kategorien f\u00fcr den Schweizer Filmpreis nominierbar! Nicolas Steiners [&hellip;]\" \/>\n<meta property=\"og:url\" content=\"https:\/\/www.tellfilm.ch\/en\/news\/\" \/>\n<meta property=\"og:site_name\" content=\"tellfilm\" \/>\n<meta property=\"article:modified_time\" content=\"2026-01-21T15:09:43+00:00\" \/>\n<meta property=\"og:image\" content=\"https:\/\/www.tellfilm.ch\/wp-content\/uploads\/2023\/10\/IngeborgBachmann_DCH_Plakat-compressed.jpg\" \/>\n\t<meta property=\"og:image:width\" content=\"1416\" \/>\n\t<meta property=\"og:image:height\" content=\"2025\" \/>\n\t<meta property=\"og:image:type\" content=\"image\/jpeg\" \/>\n<meta name=\"twitter:card\" content=\"summary_large_image\" \/>\n<meta name=\"twitter:label1\" content=\"Est. reading time\" \/>\n\t<meta name=\"twitter:data1\" content=\"6 minutes\" \/>\n<script type=\"application\/ld+json\" class=\"yoast-schema-graph\">{\"@context\":\"https:\\\/\\\/schema.org\",\"@graph\":[{\"@type\":\"WebPage\",\"@id\":\"https:\\\/\\\/www.tellfilm.ch\\\/news\\\/\",\"url\":\"https:\\\/\\\/www.tellfilm.ch\\\/news\\\/\",\"name\":\"News - tellfilm\",\"isPartOf\":{\"@id\":\"https:\\\/\\\/www.tellfilm.ch\\\/#website\"},\"primaryImageOfPage\":{\"@id\":\"https:\\\/\\\/www.tellfilm.ch\\\/news\\\/#primaryimage\"},\"image\":{\"@id\":\"https:\\\/\\\/www.tellfilm.ch\\\/news\\\/#primaryimage\"},\"thumbnailUrl\":\"https:\\\/\\\/www.tellfilm.ch\\\/wp-content\\\/uploads\\\/2023\\\/10\\\/IngeborgBachmann_DCH_Plakat-compressed.jpg\",\"datePublished\":\"2020-06-16T19:28:21+00:00\",\"dateModified\":\"2026-01-21T15:09:43+00:00\",\"breadcrumb\":{\"@id\":\"https:\\\/\\\/www.tellfilm.ch\\\/news\\\/#breadcrumb\"},\"inLanguage\":\"en-US\",\"potentialAction\":[{\"@type\":\"ReadAction\",\"target\":[\"https:\\\/\\\/www.tellfilm.ch\\\/news\\\/\"]}]},{\"@type\":\"ImageObject\",\"inLanguage\":\"en-US\",\"@id\":\"https:\\\/\\\/www.tellfilm.ch\\\/news\\\/#primaryimage\",\"url\":\"https:\\\/\\\/www.tellfilm.ch\\\/wp-content\\\/uploads\\\/2023\\\/10\\\/IngeborgBachmann_DCH_Plakat-compressed.jpg\",\"contentUrl\":\"https:\\\/\\\/www.tellfilm.ch\\\/wp-content\\\/uploads\\\/2023\\\/10\\\/IngeborgBachmann_DCH_Plakat-compressed.jpg\"},{\"@type\":\"BreadcrumbList\",\"@id\":\"https:\\\/\\\/www.tellfilm.ch\\\/news\\\/#breadcrumb\",\"itemListElement\":[{\"@type\":\"ListItem\",\"position\":1,\"name\":\"Startseite\",\"item\":\"https:\\\/\\\/www.tellfilm.ch\\\/\"},{\"@type\":\"ListItem\",\"position\":2,\"name\":\"News\"}]},{\"@type\":\"WebSite\",\"@id\":\"https:\\\/\\\/www.tellfilm.ch\\\/#website\",\"url\":\"https:\\\/\\\/www.tellfilm.ch\\\/\",\"name\":\"tellfilm\",\"description\":\"Just another WordPress site\",\"potentialAction\":[{\"@type\":\"SearchAction\",\"target\":{\"@type\":\"EntryPoint\",\"urlTemplate\":\"https:\\\/\\\/www.tellfilm.ch\\\/?s={search_term_string}\"},\"query-input\":{\"@type\":\"PropertyValueSpecification\",\"valueRequired\":true,\"valueName\":\"search_term_string\"}}],\"inLanguage\":\"en-US\"}]}<\/script>\n<!-- \/ Yoast SEO plugin. -->","yoast_head_json":{"title":"News - tellfilm","robots":{"index":"index","follow":"follow","max-snippet":"max-snippet:-1","max-image-preview":"max-image-preview:large","max-video-preview":"max-video-preview:-1"},"canonical":"https:\/\/www.tellfilm.ch\/en\/news\/","og_locale":"en_US","og_type":"article","og_title":"News - tellfilm","og_description":"News 6 tellfilm-Produktionen nominierbar f\u00fcr den Schweizer Filmpreis! Januar 14, 2026 6 tellfilm-Produktionen nominierbar f\u00fcr den Schweizer Filmpreis! Sechs aktuelle tellfilm-Produktionen, die ihr nicht verpassen solltet, sind in unterschiedlichen Kategorien f\u00fcr den Schweizer Filmpreis nominierbar! &#8202; Sechs aktuelle tellfilm-Produktionen, die ihr nicht verpassen solltet, sind in unterschiedlichen Kategorien f\u00fcr den Schweizer Filmpreis nominierbar! Nicolas Steiners [&hellip;]","og_url":"https:\/\/www.tellfilm.ch\/en\/news\/","og_site_name":"tellfilm","article_modified_time":"2026-01-21T15:09:43+00:00","og_image":[{"width":1416,"height":2025,"url":"https:\/\/www.tellfilm.ch\/wp-content\/uploads\/2023\/10\/IngeborgBachmann_DCH_Plakat-compressed.jpg","type":"image\/jpeg"}],"twitter_card":"summary_large_image","twitter_misc":{"Est. reading time":"6 minutes"},"schema":{"@context":"https:\/\/schema.org","@graph":[{"@type":"WebPage","@id":"https:\/\/www.tellfilm.ch\/news\/","url":"https:\/\/www.tellfilm.ch\/news\/","name":"News - tellfilm","isPartOf":{"@id":"https:\/\/www.tellfilm.ch\/#website"},"primaryImageOfPage":{"@id":"https:\/\/www.tellfilm.ch\/news\/#primaryimage"},"image":{"@id":"https:\/\/www.tellfilm.ch\/news\/#primaryimage"},"thumbnailUrl":"https:\/\/www.tellfilm.ch\/wp-content\/uploads\/2023\/10\/IngeborgBachmann_DCH_Plakat-compressed.jpg","datePublished":"2020-06-16T19:28:21+00:00","dateModified":"2026-01-21T15:09:43+00:00","breadcrumb":{"@id":"https:\/\/www.tellfilm.ch\/news\/#breadcrumb"},"inLanguage":"en-US","potentialAction":[{"@type":"ReadAction","target":["https:\/\/www.tellfilm.ch\/news\/"]}]},{"@type":"ImageObject","inLanguage":"en-US","@id":"https:\/\/www.tellfilm.ch\/news\/#primaryimage","url":"https:\/\/www.tellfilm.ch\/wp-content\/uploads\/2023\/10\/IngeborgBachmann_DCH_Plakat-compressed.jpg","contentUrl":"https:\/\/www.tellfilm.ch\/wp-content\/uploads\/2023\/10\/IngeborgBachmann_DCH_Plakat-compressed.jpg"},{"@type":"BreadcrumbList","@id":"https:\/\/www.tellfilm.ch\/news\/#breadcrumb","itemListElement":[{"@type":"ListItem","position":1,"name":"Startseite","item":"https:\/\/www.tellfilm.ch\/"},{"@type":"ListItem","position":2,"name":"News"}]},{"@type":"WebSite","@id":"https:\/\/www.tellfilm.ch\/#website","url":"https:\/\/www.tellfilm.ch\/","name":"tellfilm","description":"Just another WordPress site","potentialAction":[{"@type":"SearchAction","target":{"@type":"EntryPoint","urlTemplate":"https:\/\/www.tellfilm.ch\/?s={search_term_string}"},"query-input":{"@type":"PropertyValueSpecification","valueRequired":true,"valueName":"search_term_string"}}],"inLanguage":"en-US"}]}},"_links":{"self":[{"href":"https:\/\/www.tellfilm.ch\/en\/wp-json\/wp\/v2\/pages\/288","targetHints":{"allow":["GET"]}}],"collection":[{"href":"https:\/\/www.tellfilm.ch\/en\/wp-json\/wp\/v2\/pages"}],"about":[{"href":"https:\/\/www.tellfilm.ch\/en\/wp-json\/wp\/v2\/types\/page"}],"author":[{"embeddable":true,"href":"https:\/\/www.tellfilm.ch\/en\/wp-json\/wp\/v2\/users\/5"}],"replies":[{"embeddable":true,"href":"https:\/\/www.tellfilm.ch\/en\/wp-json\/wp\/v2\/comments?post=288"}],"version-history":[{"count":42,"href":"https:\/\/www.tellfilm.ch\/en\/wp-json\/wp\/v2\/pages\/288\/revisions"}],"predecessor-version":[{"id":4683,"href":"https:\/\/www.tellfilm.ch\/en\/wp-json\/wp\/v2\/pages\/288\/revisions\/4683"}],"wp:attachment":[{"href":"https:\/\/www.tellfilm.ch\/en\/wp-json\/wp\/v2\/media?parent=288"}],"curies":[{"name":"wp","href":"https:\/\/api.w.org\/{rel}","templated":true}]}}